{"id":54,"date":"2026-01-22T12:08:37","date_gmt":"2026-01-22T12:08:37","guid":{"rendered":"https:\/\/fincacaboquitos.com\/?page_id=54"},"modified":"2026-03-05T23:20:29","modified_gmt":"2026-03-05T23:20:29","slug":"ueber-mich","status":"publish","type":"page","link":"https:\/\/fincacaboquitos.com\/es\/ueber-mich\/","title":{"rendered":"Sobre m\u00ed"},"content":{"rendered":"<div class=\"et_pb_section_0 et_pb_section et_section_regular et_block_section preset--group--divi-section--divi-box-shadow--default preset--module--divi-section--default\">\n<div class=\"et_pb_row_0 et_pb_row et_flex_row preset--group--divi-row--divi-box-shadow--default preset--module--divi-row--default\">\n<div class=\"et_pb_column_0 et_pb_column et-last-child et_flex_column et_pb_css_mix_blend_mode_passthrough et_flex_column_24_24 et_flex_column_24_24_tablet et_flex_column_24_24_phone preset--group--divi-column--divi-box-shadow--default preset--module--divi-column--default\">\n<div class=\"et_pb_text_0 et_pb_text et_pb_bg_layout_light et_pb_module et_block_module preset--group--divi-text--divi-box-shadow--default preset--module--divi-text--default\"><div class=\"et_pb_text_inner\"><h1>Sobre m\u00ed<\/h1>\n<\/div><\/div>\n<\/div>\n<\/div>\n\n<div class=\"et_pb_row_1 et_pb_row et_flex_row preset--group--divi-row--divi-box-shadow--default preset--module--divi-row--default\">\n<div class=\"et_pb_column_1 et_pb_column et_block_column et_pb_css_mix_blend_mode_passthrough et_flex_column_12_24 et_flex_column_12_24_tablet et_flex_column_24_24_phone preset--group--divi-column--divi-box-shadow--default preset--module--divi-column--default\">\n<div class=\"et_pb_text_1 et_pb_text et_pb_bg_layout_light et_pb_module et_block_module preset--group--divi-text--divi-box-shadow--default preset--module--divi-text--default\"><div class=\"et_pb_text_inner\"><p>Soy Brigitte Maria, nac\u00ed en Renania en 1966 y, antes de mudarme a mi nuevo hogar en La Palma, viv\u00ed durante mucho tiempo en Berl\u00edn.<br \/>Tras formarme como costurera y estudiar dise\u00f1o, en 2003 mont\u00e9 mi propio negocio de confecci\u00f3n textil con taller propio. En este trabajo, pude aplicar mi pasi\u00f3n por la artesan\u00eda y el dise\u00f1o a una gran variedad de proyectos.<br \/>Impulsada por la necesidad de desarrollo personal y el inter\u00e9s por el trabajo corporal, complet\u00e9 un programa de formaci\u00f3n de 3 a\u00f1os para convertirme en profesional de Shiatsu en 2005.<br \/>Como instructora en el \u00e1rea de bienestar para shiatsu y masajes energ\u00e9ticos en el departamento de deportes de la Universidad T\u00e9cnica de Berl\u00edn y gracias a mi colaboraci\u00f3n con un servicio de masajes m\u00f3vil, he podido adquirir mucha experiencia en diferentes formas de entrar en contacto con las personas y sus cuerpos.<br \/>El deseo de vivir en la naturaleza y encontrar un nuevo hogar me llev\u00f3 al norte de La Palma y a este hermoso lugar en 2017. Aqu\u00ed puedo vivir plenamente mi amor por el dise\u00f1o y mi artesan\u00eda.<\/p>\n<p>Pero s\u00f3lo gracias a los buenos esp\u00edritus y a muchas manos amigas este proyecto pudo crecer y florecer. Mientras tanto, se ha creado un peque\u00f1o proyecto ecol\u00f3gico y sostenible en el que tambi\u00e9n me gustar\u00eda ofrecer a otras personas espacio para la paz, la relajaci\u00f3n y la vitalidad en armon\u00eda con la naturaleza<\/p>\n<\/div><\/div>\n\n<div class=\"et_pb_module et_pb_button_module_wrapper et_pb_button_0_wrapper preset--group--divi-button--divi-box-shadow--default_wrapper preset--group--divi-button--divi-box-shadow--h1j7zeq--default_wrapper preset--module--divi-button--default_wrapper\"><a class=\"et_pb_button_0 et_pb_button et_pb_bg_layout_light et_pb_module et_flex_module preset--group--divi-button--divi-box-shadow--default preset--group--divi-button--divi-box-shadow--h1j7zeq--default preset--module--divi-button--default\" href=\"https:\/\/fincacaboquitos.com\/es\/geschichte-caboquitos\/\">Historia de Caboquitos<\/a><\/div>\n<\/div>\n\n<div class=\"et_pb_column_2 et_pb_column et-last-child et_flex_column et_pb_css_mix_blend_mode_passthrough et_flex_column_12_24 et_flex_column_12_24_tablet et_flex_column_12_24_phone preset--group--divi-column--divi-box-shadow--default preset--module--divi-column--default\">\n<div class=\"et_pb_image_0 et_pb_image et_pb_module et_flex_module preset--module--divi-image--72h50wt72q\"><span class=\"et_pb_image_wrap\"><img decoding=\"async\" src=\"https:\/\/fincacaboquitos.com\/wp-content\/uploads\/2026\/02\/1StartbildueberMich-scaled.jpg\" title=\"inteligente\" width=\"1920\" height=\"2560\" srcset=\"https:\/\/fincacaboquitos.com\/wp-content\/uploads\/2026\/02\/1StartbildueberMich-scaled.jpg 1920w, https:\/\/fincacaboquitos.com\/wp-content\/uploads\/2026\/02\/1StartbildueberMich-1280x1707.jpg 1280w, https:\/\/fincacaboquitos.com\/wp-content\/uploads\/2026\/02\/1StartbildueberMich-980x1307.jpg 980w, https:\/\/fincacaboquitos.com\/wp-content\/uploads\/2026\/02\/1StartbildueberMich-480x640.jpg 480w\" sizes=\"(min-width: 0px) and (max-width: 480px) 480px, (min-width: 481px) and (max-width: 980px) 980px, (min-width: 981px) and (max-width: 1280px) 1280px, (min-width: 1281px) 1920px, 100vw\" class=\"wp-image-404 wp-image-409\" \/><\/span><\/div>\n\n<div class=\"et_pb_image_1 et_pb_image et_pb_module et_flex_module preset--module--divi-image--72h50wt72q\"><span class=\"et_pb_image_wrap\"><img decoding=\"async\" src=\"https:\/\/fincacaboquitos.com\/wp-content\/uploads\/2026\/02\/3IchRoque.jpg\" title=\"3IchRoque\" width=\"718\" height=\"930\" srcset=\"https:\/\/fincacaboquitos.com\/wp-content\/uploads\/2026\/02\/3IchRoque.jpg 718w, https:\/\/fincacaboquitos.com\/wp-content\/uploads\/2026\/02\/3IchRoque-480x622.jpg 480w\" sizes=\"(min-width: 0px) and (max-width: 480px) 480px, (min-width: 481px) 718px, 100vw\" class=\"wp-image-409 wp-image-404\" \/><\/span><\/div>\n<\/div>\n<\/div>\n<\/div>\n\n<div class=\"et_pb_section_1 et_pb_section et_section_regular et_block_section preset--group--divi-section--divi-box-shadow--default preset--module--divi-section--default\">\n<div class=\"et_pb_row_2 et_pb_row et_flex_row preset--group--divi-row--divi-box-shadow--default preset--module--divi-row--default\">\n<div class=\"et_pb_column_3 et_pb_column et-last-child et_flex_column et_pb_css_mix_blend_mode_passthrough et_flex_column_24_24 et_flex_column_24_24_tablet et_flex_column_24_24_phone preset--group--divi-column--divi-box-shadow--default preset--module--divi-column--default\">\n<div class=\"et_pb_text_2 et_pb_text et_pb_bg_layout_light et_pb_module et_block_module preset--group--divi-text--divi-box-shadow--default preset--module--divi-text--default\"><div class=\"et_pb_text_inner\"><h1>Sobre m\u00ed<\/h1>\n<\/div><\/div>\n<\/div>\n<\/div>\n\n<div class=\"et_pb_row_3 et_pb_row et_flex_row preset--group--divi-row--divi-box-shadow--default preset--module--divi-row--default\">\n<div class=\"et_pb_column_4 et_pb_column et-last-child et_block_column et_pb_css_mix_blend_mode_passthrough et_flex_column_12_24 et_flex_column_12_24_tablet et_flex_column_24_24_phone preset--group--divi-column--divi-box-shadow--default preset--module--divi-column--default\">\n<div class=\"et_pb_text_3 et_pb_text et_pb_bg_layout_light et_pb_module et_block_module preset--group--divi-text--divi-box-shadow--default preset--module--divi-text--default\"><div class=\"et_pb_text_inner\"><p>Soy Brigitte Maria, nac\u00ed en Renania en 1966 y, antes de mudarme a mi nuevo hogar en La Palma, viv\u00ed durante mucho tiempo en Berl\u00edn.<br \/>Tras formarme como costurera y estudiar dise\u00f1o, en 2003 mont\u00e9 mi propio negocio de confecci\u00f3n textil con taller propio. En este trabajo, pude aplicar mi pasi\u00f3n por la artesan\u00eda y el dise\u00f1o a una gran variedad de proyectos.<br \/>Impulsada por la necesidad de desarrollo personal y el inter\u00e9s por el trabajo corporal, complet\u00e9 un programa de formaci\u00f3n de 3 a\u00f1os para convertirme en profesional de Shiatsu en 2005.<br \/>Como instructora en el \u00e1rea de bienestar para shiatsu y masajes energ\u00e9ticos en el departamento de deportes de la Universidad T\u00e9cnica de Berl\u00edn y gracias a mi colaboraci\u00f3n con un servicio de masajes m\u00f3vil, he podido adquirir mucha experiencia en diferentes formas de entrar en contacto con las personas y sus cuerpos.<br \/>El deseo de vivir en la naturaleza y encontrar un nuevo hogar me llev\u00f3 al norte de La Palma y a este hermoso lugar en 2017. Aqu\u00ed puedo vivir plenamente mi amor por el dise\u00f1o y mi artesan\u00eda.<\/p>\n<p>Pero s\u00f3lo gracias a los buenos esp\u00edritus y a muchas manos amigas este proyecto pudo crecer y florecer. Mientras tanto, se ha creado un peque\u00f1o proyecto ecol\u00f3gico y sostenible en el que tambi\u00e9n me gustar\u00eda ofrecer a otras personas espacio para la paz, la relajaci\u00f3n y la vitalidad en armon\u00eda con la naturaleza<\/p>\n<\/div><\/div>\n\n<div class=\"et_pb_image_2 et_pb_image et_pb_module et_flex_module preset--module--divi-image--72h50wt72q\"><span class=\"et_pb_image_wrap\"><img decoding=\"async\" src=\"data:image\/svg+xml;base64,PHN2ZyB3aWR0aD0iMTA4MCIgaGVpZ2h0PSI1NDAiIHZpZXdCb3g9IjAgMCAxMDgwIDU0MCIgeG1sbnM9Imh0dHA6Ly93d3cudzMub3JnLzIwMDAvc3ZnIj4KICAgIDxnIGZpbGw9Im5vbmUiIGZpbGwtcnVsZT0iZXZlbm9kZCI+CiAgICAgICAgPHBhdGggZmlsbD0iI0VCRUJFQiIgZD0iTTAgMGgxMDgwdjU0MEgweiIvPgogICAgICAgIDxwYXRoIGQ9Ik00NDUuNjQ5IDU0MGgtOTguOTk1TDE0NC42NDkgMzM3Ljk5NSAwIDQ4Mi42NDR2LTk4Ljk5NWwxMTYuMzY1LTExNi4zNjVjMTUuNjItMTUuNjIgNDAuOTQ3LTE1LjYyIDU2LjU2OCAwTDQ0NS42NSA1NDB6IiBmaWxsLW9wYWNpdHk9Ii4xIiBmaWxsPSIjMDAwIiBmaWxsLXJ1bGU9Im5vbnplcm8iLz4KICAgICAgICA8Y2lyY2xlIGZpbGwtb3BhY2l0eT0iLjA1IiBmaWxsPSIjMDAwIiBjeD0iMzMxIiBjeT0iMTQ4IiByPSI3MCIvPgogICAgICAgIDxwYXRoIGQ9Ik0xMDgwIDM3OXYxMTMuMTM3TDcyOC4xNjIgMTQwLjMgMzI4LjQ2MiA1NDBIMjE1LjMyNEw2OTkuODc4IDU1LjQ0NmMxNS42Mi0xNS42MiA0MC45NDgtMTUuNjIgNTYuNTY4IDBMMTA4MCAzNzl6IiBmaWxsLW9wYWNpdHk9Ii4yIiBmaWxsPSIjMDAwIiBmaWxsLXJ1bGU9Im5vbnplcm8iLz4KICAgIDwvZz4KPC9zdmc+Cg==\" title=\"inteligente\" width=\"\" height=\"\" srcset=\"\" sizes=\"\" class=\"wp-image-404\" \/><\/span><\/div>\n\n<div class=\"et_pb_image_3 et_pb_image et_pb_module et_flex_module preset--module--divi-image--72h50wt72q\"><span class=\"et_pb_image_wrap\"><img decoding=\"async\" src=\"data:image\/svg+xml;base64,PHN2ZyB3aWR0aD0iMTA4MCIgaGVpZ2h0PSI1NDAiIHZpZXdCb3g9IjAgMCAxMDgwIDU0MCIgeG1sbnM9Imh0dHA6Ly93d3cudzMub3JnLzIwMDAvc3ZnIj4KICAgIDxnIGZpbGw9Im5vbmUiIGZpbGwtcnVsZT0iZXZlbm9kZCI+CiAgICAgICAgPHBhdGggZmlsbD0iI0VCRUJFQiIgZD0iTTAgMGgxMDgwdjU0MEgweiIvPgogICAgICAgIDxwYXRoIGQ9Ik00NDUuNjQ5IDU0MGgtOTguOTk1TDE0NC42NDkgMzM3Ljk5NSAwIDQ4Mi42NDR2LTk4Ljk5NWwxMTYuMzY1LTExNi4zNjVjMTUuNjItMTUuNjIgNDAuOTQ3LTE1LjYyIDU2LjU2OCAwTDQ0NS42NSA1NDB6IiBmaWxsLW9wYWNpdHk9Ii4xIiBmaWxsPSIjMDAwIiBmaWxsLXJ1bGU9Im5vbnplcm8iLz4KICAgICAgICA8Y2lyY2xlIGZpbGwtb3BhY2l0eT0iLjA1IiBmaWxsPSIjMDAwIiBjeD0iMzMxIiBjeT0iMTQ4IiByPSI3MCIvPgogICAgICAgIDxwYXRoIGQ9Ik0xMDgwIDM3OXYxMTMuMTM3TDcyOC4xNjIgMTQwLjMgMzI4LjQ2MiA1NDBIMjE1LjMyNEw2OTkuODc4IDU1LjQ0NmMxNS42Mi0xNS42MiA0MC45NDgtMTUuNjIgNTYuNTY4IDBMMTA4MCAzNzl6IiBmaWxsLW9wYWNpdHk9Ii4yIiBmaWxsPSIjMDAwIiBmaWxsLXJ1bGU9Im5vbnplcm8iLz4KICAgIDwvZz4KPC9zdmc+Cg==\" title=\"3IchRoque\" width=\"\" height=\"\" srcset=\"\" sizes=\"\" class=\"wp-image-409\" \/><\/span><\/div>\n<\/div>\n<\/div>\n<\/div>","protected":false},"excerpt":{"rendered":"","protected":false},"author":1,"featured_media":0,"parent":0,"menu_order":0,"comment_status":"closed","ping_status":"closed","template":"","meta":{"pgc_sgb_lightbox_settings":"","footnotes":""},"class_list":["post-54","page","type-page","status-publish","hentry"],"yoast_head":"<!-- This site is optimized with the Yoast SEO plugin v27.5 - https:\/\/yoast.com\/product\/yoast-seo-wordpress\/ -->\n<title>\u00dcber mich - Naturerlebniss La Palma<\/title>\n<meta name=\"description\" content=\"Ich bin Brigitte Maria, 1966 im Rheinland geboren, und habe vor meiner neuen Wahlheimat La Palma lange Zeit in Berlin gelebt.\" \/>\n<meta name=\"robots\" content=\"index, follow, max-snippet:-1, max-image-preview:large, max-video-preview:-1\" \/>\n<link rel=\"canonical\" href=\"https:\/\/fincacaboquitos.com\/es\/ueber-mich\/\" \/>\n<meta property=\"og:locale\" content=\"es_ES\" \/>\n<meta property=\"og:type\" content=\"article\" \/>\n<meta property=\"og:title\" content=\"\u00dcber mich - Naturerlebniss La Palma\" \/>\n<meta property=\"og:description\" content=\"Ich bin Brigitte Maria, 1966 im Rheinland geboren, und habe vor meiner neuen Wahlheimat La Palma lange Zeit in Berlin gelebt.\" \/>\n<meta property=\"og:url\" content=\"https:\/\/fincacaboquitos.com\/es\/ueber-mich\/\" \/>\n<meta property=\"og:site_name\" content=\"Naturerlebniss La Palma\" \/>\n<meta property=\"article:modified_time\" content=\"2026-03-05T23:20:29+00:00\" \/>\n<meta name=\"twitter:card\" content=\"summary_large_image\" \/>\n<script type=\"application\/ld+json\" class=\"yoast-schema-graph\">{\"@context\":\"https:\\\/\\\/schema.org\",\"@graph\":[{\"@type\":\"WebPage\",\"@id\":\"https:\\\/\\\/fincacaboquitos.com\\\/ueber-mich\\\/\",\"url\":\"https:\\\/\\\/fincacaboquitos.com\\\/ueber-mich\\\/\",\"name\":\"\u00dcber mich - Naturerlebniss La Palma\",\"isPartOf\":{\"@id\":\"https:\\\/\\\/fincacaboquitos.com\\\/#website\"},\"datePublished\":\"2026-01-22T12:08:37+00:00\",\"dateModified\":\"2026-03-05T23:20:29+00:00\",\"description\":\"Ich bin Brigitte Maria, 1966 im Rheinland geboren, und habe vor meiner neuen Wahlheimat La Palma lange Zeit in Berlin gelebt.\",\"breadcrumb\":{\"@id\":\"https:\\\/\\\/fincacaboquitos.com\\\/ueber-mich\\\/#breadcrumb\"},\"inLanguage\":\"es\",\"potentialAction\":[{\"@type\":\"ReadAction\",\"target\":[\"https:\\\/\\\/fincacaboquitos.com\\\/ueber-mich\\\/\"]}]},{\"@type\":\"BreadcrumbList\",\"@id\":\"https:\\\/\\\/fincacaboquitos.com\\\/ueber-mich\\\/#breadcrumb\",\"itemListElement\":[{\"@type\":\"ListItem\",\"position\":1,\"name\":\"Home\",\"item\":\"https:\\\/\\\/fincacaboquitos.com\\\/\"},{\"@type\":\"ListItem\",\"position\":2,\"name\":\"\u00dcber mich\"}]},{\"@type\":\"WebSite\",\"@id\":\"https:\\\/\\\/fincacaboquitos.com\\\/#website\",\"url\":\"https:\\\/\\\/fincacaboquitos.com\\\/\",\"name\":\"Naturerlebniss La Palma\",\"description\":\"Gestalte deine pers\u00f6nliche Auszeit\",\"publisher\":{\"@id\":\"https:\\\/\\\/fincacaboquitos.com\\\/#\\\/schema\\\/person\\\/1cea9da85a6de9f3e3080fafb6fd13f0\"},\"potentialAction\":[{\"@type\":\"SearchAction\",\"target\":{\"@type\":\"EntryPoint\",\"urlTemplate\":\"https:\\\/\\\/fincacaboquitos.com\\\/?s={search_term_string}\"},\"query-input\":{\"@type\":\"PropertyValueSpecification\",\"valueRequired\":true,\"valueName\":\"search_term_string\"}}],\"inLanguage\":\"es\"},{\"@type\":[\"Person\",\"Organization\"],\"@id\":\"https:\\\/\\\/fincacaboquitos.com\\\/#\\\/schema\\\/person\\\/1cea9da85a6de9f3e3080fafb6fd13f0\",\"name\":\"Gike\",\"image\":{\"@type\":\"ImageObject\",\"inLanguage\":\"es\",\"@id\":\"https:\\\/\\\/fincacaboquitos.com\\\/wp-content\\\/litespeed\\\/avatar\\\/ea391fda8487a060b8d8c17670b79773.jpg?ver=1777233273\",\"url\":\"https:\\\/\\\/fincacaboquitos.com\\\/wp-content\\\/litespeed\\\/avatar\\\/ea391fda8487a060b8d8c17670b79773.jpg?ver=1777233273\",\"contentUrl\":\"https:\\\/\\\/fincacaboquitos.com\\\/wp-content\\\/litespeed\\\/avatar\\\/ea391fda8487a060b8d8c17670b79773.jpg?ver=1777233273\",\"caption\":\"Gike\"},\"logo\":{\"@id\":\"https:\\\/\\\/fincacaboquitos.com\\\/wp-content\\\/litespeed\\\/avatar\\\/ea391fda8487a060b8d8c17670b79773.jpg?ver=1777233273\"}}]}<\/script>\n<!-- \/ Yoast SEO plugin. -->","yoast_head_json":{"title":"\u00dcber mich - Naturerlebniss La Palma","description":"Soy Brigitte Maria, nac\u00ed en Renania en 1966 y, antes de mudarme a mi nuevo hogar en La Palma, viv\u00ed durante mucho tiempo en Berl\u00edn.","robots":{"index":"index","follow":"follow","max-snippet":"max-snippet:-1","max-image-preview":"max-image-preview:large","max-video-preview":"max-video-preview:-1"},"canonical":"https:\/\/fincacaboquitos.com\/es\/ueber-mich\/","og_locale":"es_ES","og_type":"article","og_title":"\u00dcber mich - Naturerlebniss La Palma","og_description":"Ich bin Brigitte Maria, 1966 im Rheinland geboren, und habe vor meiner neuen Wahlheimat La Palma lange Zeit in Berlin gelebt.","og_url":"https:\/\/fincacaboquitos.com\/es\/ueber-mich\/","og_site_name":"Naturerlebniss La Palma","article_modified_time":"2026-03-05T23:20:29+00:00","twitter_card":"summary_large_image","schema":{"@context":"https:\/\/schema.org","@graph":[{"@type":"WebPage","@id":"https:\/\/fincacaboquitos.com\/ueber-mich\/","url":"https:\/\/fincacaboquitos.com\/ueber-mich\/","name":"\u00dcber mich - Naturerlebniss La Palma","isPartOf":{"@id":"https:\/\/fincacaboquitos.com\/#website"},"datePublished":"2026-01-22T12:08:37+00:00","dateModified":"2026-03-05T23:20:29+00:00","description":"Soy Brigitte Maria, nac\u00ed en Renania en 1966 y, antes de mudarme a mi nuevo hogar en La Palma, viv\u00ed durante mucho tiempo en Berl\u00edn.","breadcrumb":{"@id":"https:\/\/fincacaboquitos.com\/ueber-mich\/#breadcrumb"},"inLanguage":"es","potentialAction":[{"@type":"ReadAction","target":["https:\/\/fincacaboquitos.com\/ueber-mich\/"]}]},{"@type":"BreadcrumbList","@id":"https:\/\/fincacaboquitos.com\/ueber-mich\/#breadcrumb","itemListElement":[{"@type":"ListItem","position":1,"name":"Home","item":"https:\/\/fincacaboquitos.com\/"},{"@type":"ListItem","position":2,"name":"\u00dcber mich"}]},{"@type":"WebSite","@id":"https:\/\/fincacaboquitos.com\/#website","url":"https:\/\/fincacaboquitos.com\/","name":"Naturerlebniss La Palma","description":"Gestalte deine pers\u00f6nliche Auszeit","publisher":{"@id":"https:\/\/fincacaboquitos.com\/#\/schema\/person\/1cea9da85a6de9f3e3080fafb6fd13f0"},"potentialAction":[{"@type":"SearchAction","target":{"@type":"EntryPoint","urlTemplate":"https:\/\/fincacaboquitos.com\/?s={search_term_string}"},"query-input":{"@type":"PropertyValueSpecification","valueRequired":true,"valueName":"search_term_string"}}],"inLanguage":"es"},{"@type":["Person","Organization"],"@id":"https:\/\/fincacaboquitos.com\/#\/schema\/person\/1cea9da85a6de9f3e3080fafb6fd13f0","name":"Gike","image":{"@type":"ImageObject","inLanguage":"es","@id":"https:\/\/fincacaboquitos.com\/wp-content\/litespeed\/avatar\/ea391fda8487a060b8d8c17670b79773.jpg?ver=1777233273","url":"https:\/\/fincacaboquitos.com\/wp-content\/litespeed\/avatar\/ea391fda8487a060b8d8c17670b79773.jpg?ver=1777233273","contentUrl":"https:\/\/fincacaboquitos.com\/wp-content\/litespeed\/avatar\/ea391fda8487a060b8d8c17670b79773.jpg?ver=1777233273","caption":"Gike"},"logo":{"@id":"https:\/\/fincacaboquitos.com\/wp-content\/litespeed\/avatar\/ea391fda8487a060b8d8c17670b79773.jpg?ver=1777233273"}}]}},"_links":{"self":[{"href":"https:\/\/fincacaboquitos.com\/es\/wp-json\/wp\/v2\/pages\/54","targetHints":{"allow":["GET"]}}],"collection":[{"href":"https:\/\/fincacaboquitos.com\/es\/wp-json\/wp\/v2\/pages"}],"about":[{"href":"https:\/\/fincacaboquitos.com\/es\/wp-json\/wp\/v2\/types\/page"}],"author":[{"embeddable":true,"href":"https:\/\/fincacaboquitos.com\/es\/wp-json\/wp\/v2\/users\/1"}],"replies":[{"embeddable":true,"href":"https:\/\/fincacaboquitos.com\/es\/wp-json\/wp\/v2\/comments?post=54"}],"version-history":[{"count":22,"href":"https:\/\/fincacaboquitos.com\/es\/wp-json\/wp\/v2\/pages\/54\/revisions"}],"predecessor-version":[{"id":726,"href":"https:\/\/fincacaboquitos.com\/es\/wp-json\/wp\/v2\/pages\/54\/revisions\/726"}],"wp:attachment":[{"href":"https:\/\/fincacaboquitos.com\/es\/wp-json\/wp\/v2\/media?parent=54"}],"curies":[{"name":"wp","href":"https:\/\/api.w.org\/{rel}","templated":true}]}}